{"id":4701,"date":"2025-04-16T06:27:35","date_gmt":"2025-04-16T04:27:35","guid":{"rendered":"https:\/\/brussels.diamondleague.com\/?page_id=4701"},"modified":"2026-08-18T13:23:02","modified_gmt":"2026-08-18T11:23:02","slug":"ivo-van-damme","status":"publish","type":"page","link":"https:\/\/brussels.diamondleague.com\/fr\/infos\/ivo-van-damme\/","title":{"rendered":"Ivo Van Damme"},"content":{"rendered":"\n<h2 class=\"wp-block-heading\"><\/h2>\n\n\n<div class=\"wp-block-image\">\n<figure class=\"alignright size-full\"><img loading=\"lazy\" decoding=\"async\" width=\"200\" height=\"245\" src=\"https:\/\/brussels.diamondleague.com\/wp-content\/uploads\/sites\/16\/2025\/04\/ivo.jpg\" alt=\"\" class=\"wp-image-4704\"\/><\/figure><\/div>\n\n\n<p><strong>Ivo Van Damme fut au milieu des ann\u00e9es 70 le grand espoir de l\u2019athl\u00e9tisme belge. Il n\u2019avait que 22 ans lorsqu\u2019il a fait chavirer de bonheur le pays en 1976, avec deux m\u00e9dailles d\u2019argent aux Jeux Olympiques. Mais moins de six mois plus tard, le pire se produisait: Ivo perdait la vie dans un accident de la route tragique. Sous le choc, le pays \u00e9tait en deuil. Aujourd\u2019hui, le nom d\u2019Ivo r\u00e9sonne toujours comme une source d\u2019inspiration pour les nouvelles g\u00e9n\u00e9rations d\u2019athl\u00e8tes et bien s\u00fbr via l\u2019un des plus grands meetings d\u2019athl\u00e9tisme au monde : l\u2019Allianz M\u00e9morial Van Damme.<\/strong><\/p>\n\n\n\n<p>DU TERRAIN DE FOOTBALL \u00c0 LA PISTE D\u2019ATHL\u00c9TISME<\/p>\n\n\n\n<p>Enfant, Ivo Van Damme ne r\u00eavait pas d\u2019une carri\u00e8re dans l\u2019athl\u00e9tisme, mais bien dans le football. Bruxellois de naissance, il \u00e9volua au Racing White (le futur RWDM) jusqu\u2019\u00e0 l\u2019adolescence o\u00f9 il dut choisir entre les chaussures de football et les spikes d\u2019athl\u00e9tisme. Il opta pour les spikes et s\u2019affilia au Daring Leuven.<\/p>\n\n\n\n<p>SUR LA ROUTE DE MONTR\u00c9AL<\/p>\n\n\n\n<p>A l\u2019\u00e9t\u00e9 1975, Ivo am\u00e9liora le record de Belgique vieux de 20 ans de Roger Moens sur 800 m\u00e8tres. D\u00e9but 1976, il d\u00e9crocha alors le titre europ\u00e9en en salle, apr\u00e8s avoir d\u00e9j\u00e0 remport\u00e9 l\u2019argent un an plus t\u00f4t. Vint alors Montr\u00e9al. &#8220;J\u2019ai accroch\u00e9 une feuille de papier au-dessus de mon lit avec \u00e9crit dessus <em>finale olympique: 1.43.8.<\/em>&#8220;, raconta Ivo depuis le stage.<\/p>\n\n\n\n<p>UNE VEDETTE EST N\u00c9E<\/p>\n\n\n\n<p>A Montr\u00e9al, Ivo devint l\u2019une des grandes stars des JO. Il empocha la m\u00e9daille d\u2019argent sur 800 m\u00e8tres, et de quelle mani\u00e8re : en 1.43.8 pr\u00e9cis\u00e9ment\u2026 Quelques jours plus tard, il d\u00e9crocha une nouvelle m\u00e9daille d\u2019argent sur 1500 m\u00e8tres. Jamais un athl\u00e8te belge n\u2019avait alors r\u00e9ussi une telle performance lors de Jeux Olympiques. A son retour au pays, Ivo fut accueilli comme un h\u00e9ros national.<\/p>\n\n\n\n<p>FOREVER 22<\/p>\n\n\n\n<p>Mais l\u2019impensable se produisit le 29 d\u00e9cembre 1976. Sur le chemin du retour chez lui apr\u00e8s un stage d\u2019entra\u00eenement dans le sud de la France, Ivo perdit la vie dans un accident de la route \u00e0 Boll\u00e8ne. Le d\u00e9c\u00e8s de l\u2019athl\u00e8te de 22 ans choqua tout le pays, une foule nombreuse assista d\u2019ailleurs \u00e0 son enterrement; d\u2019autres grands noms de l\u2019athl\u00e9tisme belge port\u00e8rent son cercueil.<\/p>\n\n\n\n<p>Une demi-si\u00e8cle plus tard, Ivo Van Damme reste l\u2019une des grandes ic\u00f4nes de l\u2019histoire du sport belge. Avec un palmar\u00e8s olympique sans \u00e9gal et une assurance que poss\u00e9daient peu de Belges.<\/p>\n\n\n\n<p>ALLIANZ M\u00c9MORIAL VAN DAMME<\/p>\n\n\n\n<p>Bien avant ses triomphes \u00e0 Montr\u00e9al, Ivo avait d\u00e9j\u00e0 incit\u00e9 plusieurs journalistes belges \u00e0 organiser un grand meeting d\u2019athl\u00e9tisme \u00e0 Bruxelles, afin que les Belges puissent se mesurer \u00e0 une forte concurrence devant leur public. L\u2019id\u00e9e avait pris forme en octobre 1976, sa concr\u00e9tisation allait suivre peu apr\u00e8s.<\/p>\n\n\n\n<p>Les<em> founding fathers<\/em> se sont revus \u00e0 l\u2019enterrement d\u2019Ivo et d\u00e9cid\u00e8rent d\u2019organiser un meeting unique pour honorer la m\u00e9moire d\u2019Ivo. Cette toute premi\u00e8re soir\u00e9e dans ce qui \u00e9tait alors le stade du Heysel, le 16 ao\u00fbt 1977, d\u00e9passa toutes les attentes. Tribunes combles, ambiance magique, les athl\u00e8tes donn\u00e8rent le meilleur d\u2019eux-m\u00eames pour Ivo. Cela n\u2019allait clairement pas \u00eatre un meeting unique\u2026<\/p>\n","protected":false},"excerpt":{"rendered":"<p>Ivo Van Damme fut au milieu des ann\u00e9es 70 le grand espoir de l\u2019athl\u00e9tisme belge. Il...","protected":false},"author":92,"featured_media":0,"parent":4336,"menu_order":0,"comment_status":"closed","ping_status":"closed","template":"template-about.blade.php","meta":{"_acf_changed":false,"footnotes":""},"city":[],"class_list":["post-4701","page","type-page","status-publish","hentry"],"acf":[],"_links":{"self":[{"href":"https:\/\/brussels.diamondleague.com\/fr\/wp-json\/wp\/v2\/pages\/4701","targetHints":{"allow":["GET"]}}],"collection":[{"href":"https:\/\/brussels.diamondleague.com\/fr\/wp-json\/wp\/v2\/pages"}],"about":[{"href":"https:\/\/brussels.diamondleague.com\/fr\/wp-json\/wp\/v2\/types\/page"}],"author":[{"embeddable":true,"href":"https:\/\/brussels.diamondleague.com\/fr\/wp-json\/wp\/v2\/users\/92"}],"replies":[{"embeddable":true,"href":"https:\/\/brussels.diamondleague.com\/fr\/wp-json\/wp\/v2\/comments?post=4701"}],"version-history":[{"count":8,"href":"https:\/\/brussels.diamondleague.com\/fr\/wp-json\/wp\/v2\/pages\/4701\/revisions"}],"predecessor-version":[{"id":7033,"href":"https:\/\/brussels.diamondleague.com\/fr\/wp-json\/wp\/v2\/pages\/4701\/revisions\/7033"}],"up":[{"embeddable":true,"href":"https:\/\/brussels.diamondleague.com\/fr\/wp-json\/wp\/v2\/pages\/4336"}],"wp:attachment":[{"href":"https:\/\/brussels.diamondleague.com\/fr\/wp-json\/wp\/v2\/media?parent=4701"}],"wp:term":[{"taxonomy":"city","embeddable":true,"href":"https:\/\/brussels.diamondleague.com\/fr\/wp-json\/wp\/v2\/city?post=4701"}],"curies":[{"name":"wp","href":"https:\/\/api.w.org\/{rel}","templated":true}]}}